{"id":907,"date":"2020-11-08T14:59:58","date_gmt":"2020-11-08T13:59:58","guid":{"rendered":"https:\/\/festivalderomeaparis.com\/?page_id=907"},"modified":"2022-12-28T12:55:06","modified_gmt":"2022-12-28T11:55:06","slug":"home","status":"publish","type":"page","link":"https:\/\/festivalderomeaparis.com\/it\/","title":{"rendered":"Home"},"content":{"rendered":"<div id=\"pl-907\"  class=\"panel-layout\" ><div id=\"pg-907-0\"  class=\"panel-grid panel-no-style\" ><div id=\"pgc-907-0-0\"  class=\"panel-grid-cell\" ><div id=\"panel-907-0-0-0\" class=\"so-panel widget widget_sow-image panel-first-child\" data-index=\"0\" ><div\n\t\t\t\n\t\t\tclass=\"so-widget-sow-image so-widget-sow-image-default-dbf295114b96-907\"\n\t\t\t\n\t\t>\n<div class=\"sow-image-container\">\n\t\t<img \n\tsrc=\"https:\/\/festivalderomeaparis.com\/wp-content\/uploads\/2022\/12\/ANICA-Parigi-01.23-1200x630-OK-3ok.jpg\" width=\"1200\" height=\"630\" srcset=\"https:\/\/festivalderomeaparis.com\/wp-content\/uploads\/2022\/12\/ANICA-Parigi-01.23-1200x630-OK-3ok.jpg 1200w, https:\/\/festivalderomeaparis.com\/wp-content\/uploads\/2022\/12\/ANICA-Parigi-01.23-1200x630-OK-3ok-300x158.jpg 300w, https:\/\/festivalderomeaparis.com\/wp-content\/uploads\/2022\/12\/ANICA-Parigi-01.23-1200x630-OK-3ok-1024x538.jpg 1024w, https:\/\/festivalderomeaparis.com\/wp-content\/uploads\/2022\/12\/ANICA-Parigi-01.23-1200x630-OK-3ok-768x403.jpg 768w\" sizes=\"(max-width: 1200px) 100vw, 1200px\" title=\"Layout 1\" alt=\"\" \t\tclass=\"so-widget-image\"\/>\n\t<\/div>\n\n<\/div><\/div><div id=\"panel-907-0-0-1\" class=\"so-panel widget widget_sow-headline panel-last-child\" data-index=\"1\" ><div\n\t\t\t\n\t\t\tclass=\"so-widget-sow-headline so-widget-sow-headline-default-a1f57f2adf7f-907\"\n\t\t\t\n\t\t><div class=\"sow-headline-container \">\n\t\t\t\t\t\t<div class=\"decoration\">\n\t\t\t\t\t\t<div class=\"decoration-inside\"><\/div>\n\t\t\t\t\t<\/div>\n\t\t\t\t\t<\/div>\n<\/div><\/div><\/div><\/div><div id=\"pg-907-1\"  class=\"panel-grid panel-no-style\" ><div id=\"pgc-907-1-0\"  class=\"panel-grid-cell\" ><div id=\"panel-907-1-0-0\" class=\"so-panel widget widget_sow-headline panel-first-child\" data-index=\"2\" ><div\n\t\t\t\n\t\t\tclass=\"so-widget-sow-headline so-widget-sow-headline-default-ce3736e9c425-907\"\n\t\t\t\n\t\t><div class=\"sow-headline-container \">\n\t\t\t\t\t\t\t<h3 class=\"sow-headline\">\n\t\t\t\t\t\tFestival de Rome \u00e0 Paris\t\t\t\t\t\t<\/h3>\n\t\t\t\t\t\t\t\t\t\t\t<div class=\"decoration\">\n\t\t\t\t\t\t<div class=\"decoration-inside\"><\/div>\n\t\t\t\t\t<\/div>\n\t\t\t\t\t<\/div>\n<\/div><\/div><div id=\"panel-907-1-0-1\" class=\"so-panel widget widget_sow-editor\" data-index=\"3\" ><div\n\t\t\t\n\t\t\tclass=\"so-widget-sow-editor so-widget-sow-editor-base\"\n\t\t\t\n\t\t>\n<div class=\"siteorigin-widget-tinymce textwidget\">\n\t<p>Appuntamento imperdibile del cinema italiano in Francia, il festival DE ROME \u00c0 PARIS torna dal <strong>12 al 15 gennaio 2023<\/strong>. Per la sua quindicesima edizione il festival cresce e si sposta in due meravigliosi cinema del Quartiere Latino: <strong>Christine Cin\u00e9ma Club<\/strong> e <strong>\u00c9coles Cin\u00e9ma Club<\/strong>, cinema di riferimento soprattutto per i film classici italiani.<\/p>\n<p>Gli spettatori verranno a scoprire al <strong>Christine Cin\u00e9ma Club<\/strong>, una selezione di una decina di lungometraggi italiani recenti (fiction, documentario, animazione) ancora inediti in Francia, presentati dai registi e dagli attori che verranno a incontrare il pubblico.<\/p>\n<p>Una selezione speciale sar\u00e0 proposta all\u2019<strong>\u00c9coles Cin\u00e9ma Club<\/strong> in omaggio a Roma, la \u00abCitt\u00e0 Eterna\u00bb.\u00a0 Il pubblico potr\u00e0 (ri)vedere grandi classici e film contemporanei, tra i quali veri capolavori del cinema italiano.<\/p>\n<p>DE ROME \u00c0 PARIS\u00a0\u00e8 organizzato con il sostegno di <strong>DGCA MiC<\/strong>\u00a0e con il supporto organizzativo di <strong>Cinecitt\u00e0<\/strong>, in collaborazione con <strong>Ambasciata d'Italia<\/strong> e <strong>ICE<\/strong>.<\/p>\n<\/div>\n<\/div><\/div><div id=\"panel-907-1-0-2\" class=\"so-panel widget widget_sow-button panel-last-child\" data-index=\"4\" ><div\n\t\t\t\n\t\t\tclass=\"so-widget-sow-button so-widget-sow-button-flat-05a9ba64eab9-907\"\n\t\t\t\n\t\t><div class=\"ow-button-base ow-button-align-left\"\n>\n\t\t\t<a\n\t\t\t\t\thref=\"https:\/\/festivalderomeaparis.com\/it\/presentazione\/\"\n\t\t\t\t\tclass=\"sowb-button ow-icon-placement-left ow-button-hover\" \t>\n\t\t<span>\n\t\t\t\n\t\t\tMAGGIORI INFORMAZIONI\t\t<\/span>\n\t\t\t<\/a>\n\t<\/div>\n<\/div><\/div><\/div><div id=\"pgc-907-1-1\"  class=\"panel-grid-cell\" ><div id=\"panel-907-1-1-0\" class=\"so-panel widget widget_media_video panel-first-child panel-last-child\" data-index=\"5\" ><div style=\"width:100%;\" class=\"wp-video\"><video class=\"wp-video-shortcode\" id=\"video-907-1\" preload=\"metadata\" controls=\"controls\"><source type=\"video\/youtube\" src=\"https:\/\/youtu.be\/9nrRhIatxrQ?_=1\" \/><a href=\"https:\/\/youtu.be\/9nrRhIatxrQ\">https:\/\/youtu.be\/9nrRhIatxrQ<\/a><\/video><\/div><\/div><\/div><\/div><div id=\"pg-907-2\"  class=\"panel-grid panel-no-style\" ><div id=\"pgc-907-2-0\"  class=\"panel-grid-cell\" ><div id=\"panel-907-2-0-0\" class=\"so-panel widget widget_sow-headline panel-first-child panel-last-child\" data-index=\"6\" ><div\n\t\t\t\n\t\t\tclass=\"so-widget-sow-headline so-widget-sow-headline-default-b9d01dbbd4de-907\"\n\t\t\t\n\t\t><div class=\"sow-headline-container \">\n\t\t\t\t\t\t\t<h2 class=\"sow-headline\">\n\t\t\t\t\t\tFILMS 2023\t\t\t\t\t\t<\/h2>\n\t\t\t\t\t\t\t\t\t\t\t<div class=\"decoration\">\n\t\t\t\t\t\t<div class=\"decoration-inside\"><\/div>\n\t\t\t\t\t<\/div>\n\t\t\t\t\t<\/div>\n<\/div><\/div><\/div><\/div><div id=\"pg-907-3\"  class=\"panel-grid panel-has-style\" ><div id=\"home-images\" class=\"panel-row-style panel-row-style-for-907-3\" ><div id=\"pgc-907-3-0\"  class=\"panel-grid-cell\" ><div id=\"panel-907-3-0-0\" class=\"so-panel widget widget_sow-image panel-first-child\" data-index=\"7\" ><div\n\t\t\t\n\t\t\tclass=\"so-widget-sow-image so-widget-sow-image-default-dbf295114b96-907\"\n\t\t\t\n\t\t>\n<div class=\"sow-image-container\">\n\t\t\t<a href=\"https:\/\/festivalderomeaparis.com\/edition\/15eme-edition\/\"\n\t\t\t\t\t>\n\t\t\t<img \n\tsrc=\"https:\/\/festivalderomeaparis.com\/wp-content\/uploads\/2022\/12\/Lina-Siciliano-Rosa-processione-without-veil.jpg\" width=\"1920\" height=\"787\" srcset=\"https:\/\/festivalderomeaparis.com\/wp-content\/uploads\/2022\/12\/Lina-Siciliano-Rosa-processione-without-veil.jpg 1920w, https:\/\/festivalderomeaparis.com\/wp-content\/uploads\/2022\/12\/Lina-Siciliano-Rosa-processione-without-veil-300x123.jpg 300w, https:\/\/festivalderomeaparis.com\/wp-content\/uploads\/2022\/12\/Lina-Siciliano-Rosa-processione-without-veil-1024x420.jpg 1024w, https:\/\/festivalderomeaparis.com\/wp-content\/uploads\/2022\/12\/Lina-Siciliano-Rosa-processione-without-veil-768x315.jpg 768w, https:\/\/festivalderomeaparis.com\/wp-content\/uploads\/2022\/12\/Lina-Siciliano-Rosa-processione-without-veil-1536x630.jpg 1536w\" sizes=\"(max-width: 1920px) 100vw, 1920px\" title=\"Novit\u00e0 del cinema italiano\" alt=\"\" \t\tclass=\"so-widget-image\"\/>\n\t\t\t<\/a><\/div>\n\n<h3 class=\"widget-title\">Novit\u00e0 del cinema italiano<\/h3><\/div><\/div><div id=\"panel-907-3-0-1\" class=\"so-panel widget widget_text panel-last-child\" data-index=\"8\" >\t\t\t<div class=\"textwidget\"><p>Dieci lungometraggi italiani recenti ancora inediti in Francia, presentati dai registi e dagli attori che verranno a incontrare il pubblico.<\/p>\n<\/div>\n\t\t<\/div><\/div><div id=\"pgc-907-3-1\"  class=\"panel-grid-cell\" ><div id=\"panel-907-3-1-0\" class=\"so-panel widget widget_sow-image panel-first-child\" data-index=\"9\" ><div\n\t\t\t\n\t\t\tclass=\"so-widget-sow-image so-widget-sow-image-default-dbf295114b96-907\"\n\t\t\t\n\t\t>\n<div class=\"sow-image-container\">\n\t\t\t<a href=\"https:\/\/festivalderomeaparis.com\/it\/edition\/15ed-omaggio\/\"\n\t\t\t\t\t>\n\t\t\t<img \n\tsrc=\"https:\/\/festivalderomeaparis.com\/wp-content\/uploads\/2022\/12\/Je-la-connaissais-bien-1-scaled-1.jpeg\" width=\"2160\" height=\"1200\" srcset=\"https:\/\/festivalderomeaparis.com\/wp-content\/uploads\/2022\/12\/Je-la-connaissais-bien-1-scaled-1.jpeg 2160w, https:\/\/festivalderomeaparis.com\/wp-content\/uploads\/2022\/12\/Je-la-connaissais-bien-1-scaled-1-300x167.jpeg 300w, https:\/\/festivalderomeaparis.com\/wp-content\/uploads\/2022\/12\/Je-la-connaissais-bien-1-scaled-1-1024x569.jpeg 1024w, https:\/\/festivalderomeaparis.com\/wp-content\/uploads\/2022\/12\/Je-la-connaissais-bien-1-scaled-1-768x427.jpeg 768w, https:\/\/festivalderomeaparis.com\/wp-content\/uploads\/2022\/12\/Je-la-connaissais-bien-1-scaled-1-1536x853.jpeg 1536w, https:\/\/festivalderomeaparis.com\/wp-content\/uploads\/2022\/12\/Je-la-connaissais-bien-1-scaled-1-2048x1138.jpeg 2048w\" sizes=\"(max-width: 2160px) 100vw, 2160px\" title=\"Omaggio a Roma\" alt=\"\" \t\tclass=\"so-widget-image\"\/>\n\t\t\t<\/a><\/div>\n\n<h3 class=\"widget-title\">Omaggio a Roma<\/h3><\/div><\/div><div id=\"panel-907-3-1-1\" class=\"so-panel widget widget_text panel-last-child\" data-index=\"10\" >\t\t\t<div class=\"textwidget\"><p>Il pubblico potr\u00e0 (ri)vedere grandi classici e film contemporanei, tra i quali veri capolavori del cinema italiano, in omaggio alla Citt\u00e0 Eterna.<\/p>\n<\/div>\n\t\t<\/div><\/div><\/div><\/div><div id=\"pg-907-4\"  class=\"panel-grid panel-no-style\" ><div id=\"pgc-907-4-0\"  class=\"panel-grid-cell\" ><div id=\"panel-907-4-0-0\" class=\"so-panel widget widget_media_image panel-first-child panel-last-child\" data-index=\"11\" ><a href=\"https:\/\/festivalderomeaparis.com\/exposition-photographique\/\"><img loading=\"lazy\" decoding=\"async\" width=\"300\" height=\"169\" src=\"https:\/\/festivalderomeaparis.com\/wp-content\/uploads\/2022\/12\/LA-MEMORIA-DELLE-STAZIONI-_1_-300x169.png\" class=\"image wp-image-2004  attachment-medium size-medium\" alt=\"\" style=\"max-width: 100%; height: auto;\" srcset=\"https:\/\/festivalderomeaparis.com\/wp-content\/uploads\/2022\/12\/LA-MEMORIA-DELLE-STAZIONI-_1_-300x169.png 300w, https:\/\/festivalderomeaparis.com\/wp-content\/uploads\/2022\/12\/LA-MEMORIA-DELLE-STAZIONI-_1_-768x432.png 768w, https:\/\/festivalderomeaparis.com\/wp-content\/uploads\/2022\/12\/LA-MEMORIA-DELLE-STAZIONI-_1_.png 850w\" sizes=\"auto, (max-width: 300px) 100vw, 300px\" \/><\/a><\/div><\/div><div id=\"pgc-907-4-1\"  class=\"panel-grid-cell\" ><div id=\"panel-907-4-1-0\" class=\"so-panel widget widget_sow-headline panel-first-child panel-last-child\" data-index=\"12\" ><div\n\t\t\t\n\t\t\tclass=\"so-widget-sow-headline so-widget-sow-headline-default-abee8f378f8c-907\"\n\t\t\t\n\t\t><div class=\"sow-headline-container \">\n\t\t\t\t\t\t\t<h3 class=\"sow-headline\">\n\t\t\t\t\t\t\t\t\t\t\t\t\t<a href=\"https:\/\/festivalderomeaparis.com\/exposition-photographique\/\" >\n\t\t\t\t\t\t\t\tEsposizione Fotografica<\/a>\t\t\t\t\t\t<\/h3>\n\t\t\t\t\t\t\t\t\t\t\t<div class=\"decoration\">\n\t\t\t\t\t\t<div class=\"decoration-inside\"><\/div>\n\t\t\t\t\t<\/div>\n\t\t\t\t\t\t\t\t\t\t\t<h3 class=\"sow-sub-headline\">\n\t\t\t\t\t\t\"La M\u00e9moire des Gares\" Galerie Paris Cin\u00e9ma club, du 12 au 31 janvier 2023\t\t\t\t\t\t<\/h3>\n\t\t\t\t\t\t<\/div>\n<\/div><\/div><\/div><\/div><div id=\"pg-907-5\"  class=\"panel-grid panel-has-style\" ><div class=\"siteorigin-panels-stretch panel-row-style panel-row-style-for-907-5\" data-stretch-type=\"full\" ><div id=\"pgc-907-5-0\"  class=\"panel-grid-cell\" ><div id=\"panel-907-5-0-0\" class=\"so-panel widget widget_sow-headline panel-first-child panel-last-child\" data-index=\"13\" ><div\n\t\t\t\n\t\t\tclass=\"so-widget-sow-headline so-widget-sow-headline-default-abee8f378f8c-907\"\n\t\t\t\n\t\t><div class=\"sow-headline-container \">\n\t\t\t\t\t\t\t<h3 class=\"sow-headline\">\n\t\t\t\t\t\tProgramma\t\t\t\t\t\t<\/h3>\n\t\t\t\t\t\t\t\t\t\t\t<div class=\"decoration\">\n\t\t\t\t\t\t<div class=\"decoration-inside\"><\/div>\n\t\t\t\t\t<\/div>\n\t\t\t\t\t<\/div>\n<\/div><\/div><\/div><\/div><\/div><div id=\"pg-907-6\"  class=\"panel-grid panel-has-style\" ><div class=\"siteorigin-panels-stretch panel-row-style panel-row-style-for-907-6\" data-stretch-type=\"full\" ><div id=\"pgc-907-6-0\"  class=\"panel-grid-cell\" ><div id=\"panel-907-6-0-0\" class=\"so-panel widget widget_sow-headline panel-first-child\" data-index=\"14\" ><div\n\t\t\t\n\t\t\tclass=\"so-widget-sow-headline so-widget-sow-headline-default-fd4d6f6be820-907\"\n\t\t\t\n\t\t><div class=\"sow-headline-container \">\n\t\t\t\t\t\t\t<h2 class=\"sow-headline\">\n\t\t\t\t\t\tPrenota i tuoi biglietti!\t\t\t\t\t\t<\/h2>\n\t\t\t\t\t\t\t\t\t\t\t<div class=\"decoration\">\n\t\t\t\t\t\t<div class=\"decoration-inside\"><\/div>\n\t\t\t\t\t<\/div>\n\t\t\t\t\t\t\t\t\t\t\t<p class=\"sow-sub-headline\">\n\t\t\t\t\t\tFILM ITALIANI INEDITI, AVANT-PREMI\u00c8RES, INCONTRI, DIBATTITI CON I REGISTI\t\t\t\t\t\t<\/p>\n\t\t\t\t\t\t<\/div>\n<\/div><\/div><div id=\"panel-907-6-0-1\" class=\"so-panel widget widget_sow-button panel-last-child\" data-index=\"15\" ><div\n\t\t\t\n\t\t\tclass=\"so-widget-sow-button so-widget-sow-button-flat-a9141d28ce41-907\"\n\t\t\t\n\t\t><div class=\"ow-button-base ow-button-align-left\"\n>\n\t\t\t<a\n\t\t\t\t\thref=\"https:\/\/pariscinemaclub.com\/news\/festival-de-rome-a-paris\/\"\n\t\t\t\t\tclass=\"sowb-button ow-icon-placement-left ow-button-hover\" target=\"_blank\" rel=\"noopener noreferrer\" \t>\n\t\t<span>\n\t\t\t<span class=\"sow-icon-fontawesome sow-fas\" data-sow-icon=\"&#xf3ff;\"\n\t\tstyle=\"color: #ffffff\" \n\t\taria-hidden=\"true\"><\/span>\n\t\t\tBIGLIETTERIA ONLINE\t\t<\/span>\n\t\t\t<\/a>\n\t<\/div>\n<\/div><\/div><\/div><\/div><\/div><\/div>","protected":false},"excerpt":{"rendered":"<p>Appuntamento imperdibile del cinema italiano in Francia, il festival DE ROME \u00c0 PARIS torna dal 12 al 15 gennaio 2023. Per la sua quindicesima edizione il festival cresce e si sposta in due meravigliosi cinema del Quartiere Latino: Christine Cin\u00e9ma Club e \u00c9coles Cin\u00e9ma Club, cinema di riferimento soprattutto per i film classici italiani. Gli [&#8230;]<\/p>\n<p><a class=\"btn btn-secondary understrap-read-more-link\" href=\"https:\/\/festivalderomeaparis.com\/it\/\">Leggi di pi\u00f9&#8230;<span class=\"screen-reader-text\"> from Home<\/span><\/a><\/p>\n","protected":false},"author":1,"featured_media":0,"parent":0,"menu_order":0,"comment_status":"closed","ping_status":"closed","template":"","meta":{"_acf_changed":false,"inline_featured_image":false,"footnotes":""},"class_list":["post-907","page","type-page","status-publish","hentry"],"acf":[],"_links":{"self":[{"href":"https:\/\/festivalderomeaparis.com\/it\/wp-json\/wp\/v2\/pages\/907","targetHints":{"allow":["GET"]}}],"collection":[{"href":"https:\/\/festivalderomeaparis.com\/it\/wp-json\/wp\/v2\/pages"}],"about":[{"href":"https:\/\/festivalderomeaparis.com\/it\/wp-json\/wp\/v2\/types\/page"}],"author":[{"embeddable":true,"href":"https:\/\/festivalderomeaparis.com\/it\/wp-json\/wp\/v2\/users\/1"}],"replies":[{"embeddable":true,"href":"https:\/\/festivalderomeaparis.com\/it\/wp-json\/wp\/v2\/comments?post=907"}],"version-history":[{"count":122,"href":"https:\/\/festivalderomeaparis.com\/it\/wp-json\/wp\/v2\/pages\/907\/revisions"}],"predecessor-version":[{"id":2239,"href":"https:\/\/festivalderomeaparis.com\/it\/wp-json\/wp\/v2\/pages\/907\/revisions\/2239"}],"wp:attachment":[{"href":"https:\/\/festivalderomeaparis.com\/it\/wp-json\/wp\/v2\/media?parent=907"}],"curies":[{"name":"wp","href":"https:\/\/api.w.org\/{rel}","templated":true}]}}